{"id":2550,"date":"2025-07-09T08:30:41","date_gmt":"2025-07-09T06:30:41","guid":{"rendered":"https:\/\/twistedtales.tv\/tales\/"},"modified":"2026-01-27T15:24:12","modified_gmt":"2026-01-27T14:24:12","slug":"contes","status":"publish","type":"page","link":"https:\/\/twistedtales.tv\/fr\/contes\/","title":{"rendered":"Contes"},"content":{"rendered":"\t\t\t\t<article\n\t\t\tclass=\"container about-article mb-10.75\">\n\t\t\t\t\t\t\t<header class=\"border-t-2 italic text-[40px] pt-1 mb-8 md:mb-12.5 md:border-t-[3px] md:text-[50px] lg:text-[40px]\">\n\t\t\t\t\t<strong class=\"font-semibold\">Contes<\/strong>\n\t\t\t\t<\/header>\n\t\t\t\t\t\t<div class=\"lg:grid lg:grid-cols-6 lg:gap-6.25\">\n\t\t\t\t<div class=\"space-y-5 lg:space-y-6.25 lg:col-span-4 lg:col-start-2\">\n\t\t\t\t\t\t\t\t\t\t\t\t\t\t\t\t\t\t\t\t\t\t\t\t\t\t\t\t\t\t\t\t\t\t\t\t\t<p><span style=\"font-weight: 400;\">Avec Twisted Tales, les contes de f\u00e9es ne sont pas fig\u00e9s dans le pass\u00e9. Nous revisitons ces importantes histoires pour y insuffler des le\u00e7ons d&rsquo;amour, de courage et d&#8217;empathie.<\/span><\/p>\n<p><span style=\"font-weight: 400;\">Ici, des personnages qui nous sont familiers se voient dot\u00e9s d&rsquo;une nouvelle voix, de nouveaux d\u00e9fis et de nouveaux r\u00eaves. Des filles forgent elles-m\u00eame leur destin et des gar\u00e7ons suivent la voie du c\u0153ur plut\u00f4t que les r\u00eaves de leurs p\u00e8res. La beaut\u00e9 n&rsquo;est pas une question d&rsquo;apparence, et les obstacles ne sont jamais surmont\u00e9s par magie, mais ils sont affront\u00e9s ensemble, avec bienveillance et bravoure.\u00a0<\/span><\/p>\n<p><span style=\"font-weight: 400;\">D\u00e9couvrez Cinda, Allen, Bianca, D\u00e9sir\u00e9e, et toute une galerie de h\u00e9ros inoubliables, connus et nouveaux. Chacune de leurs histoires est diff\u00e9rente mais elles naissent toutes de la m\u00eame id\u00e9e : et si les contes de f\u00e9es que nous connaissons tous par coeur pouvaient \u00eatre racont\u00e9s autrement?<\/span><\/p>\n\t\t\t\t\t\t\t\t\t\t\t\t\t\t\t\t\t\t\t\t\t\t<\/div>\n\t\t\t<\/div>\n\t\t<\/article>\n\t\n\n\t<div class=\"container mb-15 lg:mb-29.25 grid gap-6.25 md:grid-cols-2 xl:grid-cols-3 lg:gap-x-6.25 lg:gap-y-10.5\">\r\n\t\t\t\t\t<a href=\"https:\/\/twistedtales.tv\/fr\/contes\/meera-de-la-mer-de-corail\/\" class=\"block post-item-el border-t-2 border-b-2 lg:border-t-[3px] lg:border-b-[3px] pt-9.25 pb-4\">\r\n\t<figure class=\"mb-8.5\">\r\n\t\t\t\t\t\t\t\t\t\r\n\t\t<img decoding=\"async\" src=\"https:\/\/twistedtales.tv\/wp-content\/uploads\/2025\/07\/tales-1024x448.png\" alt=\"Meera de la Mer de Corail\" loading=\"lazy\" class=\"lazyload object-cover rounded-lg w-full aspect-[393\/202]\">\t\t\r\n\t\t\r\n\t<\/figure>\t\r\n\t<strong class=\"block uppercase font-semibold text-4xl lg:text-[1.9285714286em]\/[1.1851851852]\">Meera de la Mer de Corail<\/strong>\r\n<\/a>\r\n\t\t\t\t\r\n\t\t\t\t\t<a href=\"https:\/\/twistedtales.tv\/fr\/contes\/cendree-rions\/\" class=\"block post-item-el border-t-2 border-b-2 lg:border-t-[3px] lg:border-b-[3px] pt-9.25 pb-4\">\r\n\t<figure class=\"mb-8.5\">\r\n\t\t\t\t\t\t\t\t\t\r\n\t\t<img decoding=\"async\" src=\"https:\/\/twistedtales.tv\/wp-content\/uploads\/2025\/07\/img-tales-5.webp\" alt=\"Cendr\u00e9e-Rions\" loading=\"lazy\" class=\"lazyload object-cover rounded-lg w-full aspect-[393\/202]\">\t\t\r\n\t\t\r\n\t<\/figure>\t\r\n\t<strong class=\"block uppercase font-semibold text-4xl lg:text-[1.9285714286em]\/[1.1851851852]\">Cendr\u00e9e-Rions<\/strong>\r\n<\/a>\r\n\t\t\t\t\r\n\t\t\t\t\t<a href=\"https:\/\/twistedtales.tv\/fr\/contes\/desiree-et-la-reine-des-neiges\/\" class=\"block post-item-el border-t-2 border-b-2 lg:border-t-[3px] lg:border-b-[3px] pt-9.25 pb-4\">\r\n\t<figure class=\"mb-8.5\">\r\n\t\t\t\t\t\t\t\t\t\r\n\t\t<img decoding=\"async\" src=\"https:\/\/twistedtales.tv\/wp-content\/uploads\/2025\/07\/tales-1024x448.png\" alt=\"D\u00e9sir\u00e9e et la Reine des Neiges\" loading=\"lazy\" class=\"lazyload object-cover rounded-lg w-full aspect-[393\/202]\">\t\t\r\n\t\t\r\n\t<\/figure>\t\r\n\t<strong class=\"block uppercase font-semibold text-4xl lg:text-[1.9285714286em]\/[1.1851851852]\">D\u00e9sir\u00e9e et la Reine des Neiges<\/strong>\r\n<\/a>\r\n\t\t\t\t\r\n\t\t\t\t\t<a href=\"https:\/\/twistedtales.tv\/fr\/contes\/allen-et-la-lampe-magique\/\" class=\"block post-item-el border-t-2 border-b-2 lg:border-t-[3px] lg:border-b-[3px] pt-9.25 pb-4\">\r\n\t<figure class=\"mb-8.5\">\r\n\t\t\t\t\t\t\t\t\t\r\n\t\t<img decoding=\"async\" src=\"https:\/\/twistedtales.tv\/wp-content\/uploads\/2025\/07\/tales-1024x448.png\" alt=\"Allen et la lampe magique\u00a0\" loading=\"lazy\" class=\"lazyload object-cover rounded-lg w-full aspect-[393\/202]\">\t\t\r\n\t\t\r\n\t<\/figure>\t\r\n\t<strong class=\"block uppercase font-semibold text-4xl lg:text-[1.9285714286em]\/[1.1851851852]\">Allen et la lampe magique\u00a0<\/strong>\r\n<\/a>\r\n\t\t\t\t\r\n\t\t\t\t\t<a href=\"https:\/\/twistedtales.tv\/fr\/contes\/la-deuxieme-rencontre-du-petit-chaperon-rouge-avec-le-loup\/\" class=\"block post-item-el border-t-2 border-b-2 lg:border-t-[3px] lg:border-b-[3px] pt-9.25 pb-4\">\r\n\t<figure class=\"mb-8.5\">\r\n\t\t\t\t\t\t\t\t\t\r\n\t\t<img decoding=\"async\" src=\"https:\/\/twistedtales.tv\/wp-content\/uploads\/2025\/07\/tales2-1024x448.png\" alt=\"La deuxi\u00e8me rencontre du Petit Chaperon Rouge avec le Loup\" loading=\"lazy\" class=\"lazyload object-cover rounded-lg w-full aspect-[393\/202]\">\t\t\r\n\t\t\r\n\t<\/figure>\t\r\n\t<strong class=\"block uppercase font-semibold text-4xl lg:text-[1.9285714286em]\/[1.1851851852]\">La deuxi\u00e8me rencontre du Petit Chaperon Rouge avec le Loup<\/strong>\r\n<\/a>\r\n\t\t\t\t\r\n\t\t\t\t\t<a href=\"https:\/\/twistedtales.tv\/fr\/contes\/nouveau-hansel-et-gretel\/\" class=\"block post-item-el border-t-2 border-b-2 lg:border-t-[3px] lg:border-b-[3px] pt-9.25 pb-4\">\r\n\t<figure class=\"mb-8.5\">\r\n\t\t\t\t\t\t\t\t\t\r\n\t\t<img decoding=\"async\" src=\"https:\/\/twistedtales.tv\/wp-content\/uploads\/2025\/07\/tales2-1024x448.png\" alt=\"Nouveau Hansel et Gretel\" loading=\"lazy\" class=\"lazyload object-cover rounded-lg w-full aspect-[393\/202]\">\t\t\r\n\t\t\r\n\t<\/figure>\t\r\n\t<strong class=\"block uppercase font-semibold text-4xl lg:text-[1.9285714286em]\/[1.1851851852]\">Nouveau Hansel et Gretel<\/strong>\r\n<\/a>\r\n\t\t\t\t\r\n\t\t\t\t\t<\/div>\r\n","protected":false},"excerpt":{"rendered":"","protected":false},"author":2,"featured_media":0,"parent":0,"menu_order":0,"comment_status":"closed","ping_status":"closed","template":"","meta":{"_acf_changed":false,"footnotes":""},"class_list":["post-2550","page","type-page","status-publish","hentry"],"acf":[],"_links":{"self":[{"href":"https:\/\/twistedtales.tv\/fr\/wp-json\/wp\/v2\/pages\/2550","targetHints":{"allow":["GET"]}}],"collection":[{"href":"https:\/\/twistedtales.tv\/fr\/wp-json\/wp\/v2\/pages"}],"about":[{"href":"https:\/\/twistedtales.tv\/fr\/wp-json\/wp\/v2\/types\/page"}],"author":[{"embeddable":true,"href":"https:\/\/twistedtales.tv\/fr\/wp-json\/wp\/v2\/users\/2"}],"replies":[{"embeddable":true,"href":"https:\/\/twistedtales.tv\/fr\/wp-json\/wp\/v2\/comments?post=2550"}],"version-history":[{"count":2,"href":"https:\/\/twistedtales.tv\/fr\/wp-json\/wp\/v2\/pages\/2550\/revisions"}],"predecessor-version":[{"id":2673,"href":"https:\/\/twistedtales.tv\/fr\/wp-json\/wp\/v2\/pages\/2550\/revisions\/2673"}],"wp:attachment":[{"href":"https:\/\/twistedtales.tv\/fr\/wp-json\/wp\/v2\/media?parent=2550"}],"curies":[{"name":"wp","href":"https:\/\/api.w.org\/{rel}","templated":true}]}}